{"id":1109,"date":"2022-06-21T17:47:43","date_gmt":"2022-06-21T17:47:43","guid":{"rendered":"https:\/\/artheke.com\/?page_id=1109"},"modified":"2022-07-08T15:16:42","modified_gmt":"2022-07-08T15:16:42","slug":"ipec-instituto-del-patrimonio-cultural-de-espana","status":"publish","type":"page","link":"https:\/\/www.artheke.com\/?page_id=1109","title":{"rendered":"IPEC Instituto del Patrimonio Cultural de Espa\u00f1a"},"content":{"rendered":"\n<p class=\"has-text-color\" style=\"color:#288d68\">\u00ab<em><strong>Es una Subdirecci\u00f3n General adscrita a la Direcci\u00f3n General de Patrimonio Cultural y Bellas Artes del Ministerio de Cultura y Deporte<\/strong>.<\/em> <\/p>\n\n\n\n<p><em><strong>Su cometido es <\/strong>la investigaci\u00f3n, conservaci\u00f3n y restauraci\u00f3n de los bienes que conforman el Patrimonio Cultural<\/em>.<\/p>\n\n\n\n<p><em>Se trata de una compleja labor que el IPCE aborda desde una perspectiva multidisciplinar, a trav\u00e9s de su personal: arquitectos, arque\u00f3logos, historiadores del arte, etn\u00f3grafos, restauradores, f\u00edsicos, ge\u00f3logos, qu\u00edmicos, bi\u00f3logos, documentalistas, inform\u00e1ticos, bibliotecarios, archiveros y conservadores, entre otros<\/em>.<\/p>\n\n\n\n<figure class=\"wp-block-image size-full\"><img loading=\"lazy\" decoding=\"async\" width=\"644\" height=\"465\" src=\"https:\/\/artheke.com\/wp-content\/uploads\/2022\/06\/image-5.png\" alt=\"\" class=\"wp-image-1111\" srcset=\"https:\/\/www.artheke.com\/wp-content\/uploads\/2022\/06\/image-5.png 644w, https:\/\/www.artheke.com\/wp-content\/uploads\/2022\/06\/image-5-300x217.png 300w\" sizes=\"auto, (max-width: 644px) 100vw, 644px\" \/><figcaption>Figura: p\u00e1gina de inicio del IPCE, extra\u00eddo de ipce.culturaydeporte.gob.es<\/figcaption><\/figure>\n\n\n\n<div class=\"wp-block-buttons is-content-justification-center is-layout-flex wp-container-core-buttons-is-layout-16018d1d wp-block-buttons-is-layout-flex\">\n<div class=\"wp-block-button has-custom-font-size has-huge-font-size\"><a class=\"wp-block-button__link has-background\" href=\"https:\/\/ipce.culturaydeporte.gob.es\/inicio.html\" style=\"background-color:#08b173\" target=\"_blank\" rel=\"noreferrer noopener\">IPCE<\/a><\/div>\n<\/div>\n\n\n\n<p><em>Se cumple as\u00ed una tarea que emana del compromiso social, de naturaleza constitucional, de la Administraci\u00f3n General del Estado, junto con el resto de las Administraciones P\u00fablicas, <strong>para la preservaci\u00f3n y enriquecimiento del Patrimonio Cultural<\/strong>.<\/em><\/p>\n\n\n\n<p><em><strong>Los fondos documentales y bibliogr\u00e1ficos del IPCE<\/strong>, gestionados por el Servicio de Documentaci\u00f3n, <strong>se encuentran custodiados<\/strong> en el Archivo, la Biblioteca y la Fototeca. <\/em><\/p>\n\n\n\n<p><em><strong>Sus fondos est\u00e1n vivos y en continuo crecimiento<\/strong>, dotados de gran riqueza cultural. Su gesti\u00f3n y divulgaci\u00f3n tiene como finalidad contribuir al desarrollo del conocimiento sobre nuevos criterios, t\u00e9cnicas y experiencias en el campo de la conservaci\u00f3n del Patrimonio Cultural<\/em>\u00bb (ipce.culturaydeporte.gob.es).<\/p>\n\n\n\n<p class=\"has-text-color\" style=\"color:#22229a\"><strong>En su p\u00e1gina se puede consultar toda la informaci\u00f3n relativa a los Planes Nacionales:<\/strong><\/p>\n\n\n\n<figure class=\"wp-block-image size-full\"><img loading=\"lazy\" decoding=\"async\" width=\"596\" height=\"646\" src=\"https:\/\/artheke.com\/wp-content\/uploads\/2022\/06\/image-7.png\" alt=\"\" class=\"wp-image-1115\" srcset=\"https:\/\/www.artheke.com\/wp-content\/uploads\/2022\/06\/image-7.png 596w, https:\/\/www.artheke.com\/wp-content\/uploads\/2022\/06\/image-7-277x300.png 277w\" sizes=\"auto, (max-width: 596px) 100vw, 596px\" \/><figcaption>Figura: p\u00e1gina de inicio de los Planes Nacionales, en culturaydeporte.gob.es<\/figcaption><\/figure>\n\n\n\n<p><strong>Planes Nacionales<\/strong><\/p>\n\n\n\n<p class=\"has-text-color\" style=\"color:#12813d\"><strong>Son instrumentos de gesti\u00f3n del patrimonio, compartidos por las diversas administraciones y con participaci\u00f3n de otras entidades p\u00fablicas y privadas.<\/strong><\/p>\n\n\n\n<p><strong>Tienen como objetivo <\/strong>el desarrollo de criterios y m\u00e9todos compartidos y una programaci\u00f3n coordinada de actividades en funci\u00f3n de las necesidades del patrimonio (protecci\u00f3n, conservaci\u00f3n, restauraci\u00f3n, investigaci\u00f3n, documentaci\u00f3n, formaci\u00f3n y difusi\u00f3n).<\/p>\n\n\n\n<p>Los planes nacionales:<\/p>\n\n\n\n<ul class=\"wp-block-list\"><li>Constituyen una base informativa para tomar decisiones.<\/li><li>Establecen una metodolog\u00eda compartida de actuaci\u00f3n.<\/li><li>Fijan prioridades en funci\u00f3n de las necesidades del patrimonio, con el objetivo \u00faltimo de proteger y conservar los bienes culturales.<\/li><\/ul>\n\n\n\n<p><strong>Se fundamentan en la Ley 16\/1985 de Patrimonio Hist\u00f3rico Espa\u00f1ol, que en su art\u00edculo:<\/strong><\/p>\n\n\n\n<ul class=\"wp-block-list\"><li><strong>&nbsp;segundo<\/strong> declara, \u201cla Administraci\u00f3n del Estado adoptar\u00e1 las medidas necesarias para facilitar la colaboraci\u00f3n con los restantes poderes p\u00fablicos y la de \u00e9stos entre s\u00ed, as\u00ed como para recabar y proporcionar cuanta informaci\u00f3n fuera precisa\u201d.<\/li><li><strong>Treinta y cinco <\/strong>declara, \u201cpara la protecci\u00f3n de los bienes integrantes del Patrimonio Hist\u00f3rico Espa\u00f1ol y al objeto de facilitar el acceso de los ciudadanos a los mismos, fomentar la comunicaci\u00f3n entre los diferentes servicios y promover la informaci\u00f3n necesaria para el desarrollo de la investigaci\u00f3n cient\u00edfica y t\u00e9cnica se formular\u00e1n peri\u00f3dicamente Planes Nacionales de informaci\u00f3n sobre Patrimonio Hist\u00f3rico Espa\u00f1ol\u201d, y<\/li><\/ul>\n\n\n\n<div data-wp-interactive=\"core\/file\" class=\"wp-block-file\"><object data-wp-bind--hidden=\"!state.hasPdfPreview\" hidden class=\"wp-block-file__embed\" data=\"https:\/\/artheke.com\/wp-content\/uploads\/2022\/07\/legislacion-patrimonio-historico.pdf\" type=\"application\/pdf\" style=\"width:100%;height:600px\" aria-label=\"Incrustado de Incrustado de legislacion-patrimonio-historico..\"><\/object><a id=\"wp-block-file--media-36c5327f-6f6d-49bf-af28-b6673d617f49\" href=\"https:\/\/artheke.com\/wp-content\/uploads\/2022\/07\/legislacion-patrimonio-historico.pdf\">legislacion-patrimonio-historico<\/a><a href=\"https:\/\/artheke.com\/wp-content\/uploads\/2022\/07\/legislacion-patrimonio-historico.pdf\" class=\"wp-block-file__button\" download aria-describedby=\"wp-block-file--media-36c5327f-6f6d-49bf-af28-b6673d617f49\">Descarga<\/a><\/div>\n\n\n\n<p><strong>La competencia para la elaboraci\u00f3n de dichos planes se atribuye al Consejo de Patrimonio Hist\u00f3rico Espa\u00f1ol.<\/strong><\/p>\n\n\n\n<p><strong>Nacen en la segunda mitad de la d\u00e9cada de los 80<\/strong>, una vez transferidas a las Comunidades Aut\u00f3nomas las competencias y al existir una nueva Ley de Patrimonio Hist\u00f3rico:<\/p>\n\n\n\n<ul class=\"has-text-color wp-block-list\" style=\"color:#ad2525\"><li>A partir de 1987 se elabora el primer Plan Nacional de Catedrales, aprobado en 1990.<\/li><li>Siguieron los planes de: Patrimonio Industrial, Arquitectura Defensiva, Paisaje Cultural, y Abad\u00edas,<\/li><li>Monasterios y Conventos en la primera d\u00e9cada del siglo XXI.<\/li><li><strong>En el a\u00f1o 2010 <\/strong>se propuso al Consejo de Patrimonio la revisi\u00f3n y actualizaci\u00f3n de los planes existentes y la formulaci\u00f3n de nuevos planes, teniendo como resultado <strong>14 Planes Nacionales de Patrimonio Cultural <\/strong>(con un car\u00e1cter m\u00e1s transversal que dar\u00edan respuesta a los nuevos campos patrimoniales y las nuevas facetas de conservaci\u00f3n):<ul><li><strong>Plan Nacional de Catedrales.<\/strong><\/li><li><strong>Plan Nacional de Abad\u00edas, Monasterios y Conventos.<\/strong><\/li><li><strong>Plan Nacional de Arquitectura Defensiva.<\/strong><\/li><li><strong>Plan Nacional de Patrimonio Industrial<\/strong><\/li><li><strong>Plan Nacional de Paisaje Cultural<\/strong><\/li><li><strong>Plan Nacional de Conservaci\u00f3n del Patrimonio Cultural del siglo XX<\/strong><\/li><li><strong>Plan Nacional de Arquitectura Tradicional<\/strong><\/li><li><strong>Plan Nacional de Salvaguardia del Patrimonio Cultural Inmaterial<\/strong><\/li><li><strong>Plan Nacional de Investigaci\u00f3n en conservaci\u00f3n del Patrionio Cultural<\/strong><\/li><li><strong>Plan Nacional de investigaci\u00f3n en Conservaci\u00f3n Preventiva<\/strong><\/li><li><strong>Plan Nacional de Conservaci\u00f3n del Patrimonio Fotogr\u00e1fico<\/strong><\/li><li><strong>Plan Nacional de Educaci\u00f3n y Patrimonio<\/strong><\/li><li><strong>Plan Nacional de Emergencias y Gesti\u00f3n de Riesgos en Patrimonio Cultural<\/strong><\/li><li><strong>Plan Nacional de Protecci\u00f3n del Patrimonio Arqueol\u00f3gico Subacu\u00e1tico<\/strong><\/li><\/ul><\/li><\/ul>\n\n\n\n<div class=\"wp-block-buttons is-layout-flex wp-block-buttons-is-layout-flex\">\n<div class=\"wp-block-button has-custom-font-size is-style-fill has-extra-large-font-size\"><a class=\"wp-block-button__link has-white-color has-text-color has-background\" href=\"https:\/\/www.culturaydeporte.gob.es\/planes-nacionales\/textos.html\" style=\"background-color:#817343\" target=\"_blank\" rel=\"noreferrer noopener\"> Textos de los                 Planes Nacionales<\/a><\/div>\n<\/div>\n\n\n\n<p><\/p>\n\n\n\n<p>En los distintos apartados del espacio de Planes Nacionales del IPCE existen distintos <strong>enlaces <\/strong>que cuantiosa informaci\u00f3n (no todos funcionan), pero entre ellos se puede visitar, por ejemplo, virtualmente la catedral de Sevilla:<\/p>\n\n\n\n<figure class=\"wp-block-image size-full\"><img loading=\"lazy\" decoding=\"async\" width=\"990\" height=\"438\" src=\"https:\/\/artheke.com\/wp-content\/uploads\/2022\/07\/image-9.png\" alt=\"\" class=\"wp-image-1288\" srcset=\"https:\/\/www.artheke.com\/wp-content\/uploads\/2022\/07\/image-9.png 990w, https:\/\/www.artheke.com\/wp-content\/uploads\/2022\/07\/image-9-300x133.png 300w, https:\/\/www.artheke.com\/wp-content\/uploads\/2022\/07\/image-9-768x340.png 768w\" sizes=\"auto, (max-width: 990px) 100vw, 990px\" \/><figcaption>Figura: visita virtual de la Catedral de Sevilla desde el enlace del<br>Plan Nacional de Catedrales: <a rel=\"noreferrer noopener\" href=\"http:\/\/sevillaen360.es\/tours\/tourvirtualcatedraldesevilla\/tourvirtualcatedraldesevilla.html\" target=\"_blank\">http:\/\/sevillaen360.es\/tours\/tourvirtualcatedraldesevilla\/tourvirtualcatedraldesevilla.html<\/a><\/figcaption><\/figure>\n\n\n\n<p>Consultar las <strong>Actuaciones de los Planes Nacionales<\/strong> con rica documentaci\u00f3n como la de los <em>100 paisajes culturales de Espa\u00f1a<\/em> o el <em>Mapa del Patrimonio Industrial<\/em> o las unidades did\u00e1cticas sobre <em>Patrimonio Inmaterial<\/em>, etc.:<\/p>\n\n\n\n<figure class=\"wp-block-image size-full\"><img loading=\"lazy\" decoding=\"async\" width=\"886\" height=\"444\" src=\"https:\/\/artheke.com\/wp-content\/uploads\/2022\/07\/image-10.png\" alt=\"\" class=\"wp-image-1305\" srcset=\"https:\/\/www.artheke.com\/wp-content\/uploads\/2022\/07\/image-10.png 886w, https:\/\/www.artheke.com\/wp-content\/uploads\/2022\/07\/image-10-300x150.png 300w, https:\/\/www.artheke.com\/wp-content\/uploads\/2022\/07\/image-10-768x385.png 768w\" sizes=\"auto, (max-width: 886px) 100vw, 886px\" \/><figcaption>Figura: 100 Paisajes Culturales de Espa\u00f1a en IPCE.<\/figcaption><\/figure>\n\n\n\n<div class=\"wp-block-buttons is-content-justification-center is-layout-flex wp-container-core-buttons-is-layout-16018d1d wp-block-buttons-is-layout-flex\">\n<div class=\"wp-block-button has-custom-font-size has-extra-large-font-size\"><a class=\"wp-block-button__link has-text-color\" href=\"http:\/\/www.100paisajes.es\/\" style=\"color:#d4b241\" target=\"_blank\" rel=\"noreferrer noopener\">Narrando Paisajes<\/a><\/div>\n<\/div>\n\n\n\n<div data-wp-interactive=\"core\/file\" class=\"wp-block-file\"><object data-wp-bind--hidden=\"!state.hasPdfPreview\" hidden class=\"wp-block-file__embed\" data=\"https:\/\/artheke.com\/wp-content\/uploads\/2022\/07\/CA-03-El-Tanque-Santa-Cruz-de-Tenerife-Tenerife-1.pdf\" type=\"application\/pdf\" style=\"width:100%;height:600px\" aria-label=\"Incrustado de Incrustado de CA-03-El-Tanque-Santa-Cruz-de-Tenerife-Tenerife-1..\"><\/object><a id=\"wp-block-file--media-bc8c0648-6484-4588-aa28-7cfe196847c0\" href=\"https:\/\/artheke.com\/wp-content\/uploads\/2022\/07\/CA-03-El-Tanque-Santa-Cruz-de-Tenerife-Tenerife-1.pdf\">CA-03-El-Tanque-Santa-Cruz-de-Tenerife-Tenerife-1<\/a><a href=\"https:\/\/artheke.com\/wp-content\/uploads\/2022\/07\/CA-03-El-Tanque-Santa-Cruz-de-Tenerife-Tenerife-1.pdf\" class=\"wp-block-file__button\" download aria-describedby=\"wp-block-file--media-bc8c0648-6484-4588-aa28-7cfe196847c0\">Descarga<\/a><\/div>\n\n\n\n<div class=\"wp-block-buttons is-layout-flex wp-block-buttons-is-layout-flex\">\n<div class=\"wp-block-button\"><a class=\"wp-block-button__link has-red-color has-text-color has-background\" style=\"background-color:#a46c6c\">MAPA PATRIMONIO INDUSTRIAL<\/a><\/div>\n<\/div>\n\n\n\n<div data-wp-interactive=\"core\/file\" class=\"wp-block-file\"><object data-wp-bind--hidden=\"!state.hasPdfPreview\" hidden class=\"wp-block-file__embed\" data=\"https:\/\/artheke.com\/wp-content\/uploads\/2022\/07\/1-unidad-didactica-educacion-infantil-alumno-final.pdf\" type=\"application\/pdf\" style=\"width:100%;height:600px\" aria-label=\"Incrustado de Incrustado de 1-unidad-didactica-educacion-infantil-alumno-final..\"><\/object><a id=\"wp-block-file--media-843684a9-edac-4507-9382-5f4b00963fcf\" href=\"https:\/\/artheke.com\/wp-content\/uploads\/2022\/07\/1-unidad-didactica-educacion-infantil-alumno-final.pdf\">1-unidad-didactica-educacion-infantil-alumno-final<\/a><a href=\"https:\/\/artheke.com\/wp-content\/uploads\/2022\/07\/1-unidad-didactica-educacion-infantil-alumno-final.pdf\" class=\"wp-block-file__button\" download aria-describedby=\"wp-block-file--media-843684a9-edac-4507-9382-5f4b00963fcf\">Descarga<\/a><\/div>\n\n\n\n<p class=\"has-text-color\" style=\"color:#1f1f95\"><strong>Y una rica Mediateca:<\/strong><\/p>\n\n\n\n<figure class=\"wp-block-embed is-type-video is-provider-youtube wp-block-embed-youtube wp-embed-aspect-16-9 wp-has-aspect-ratio\"><div class=\"wp-block-embed__wrapper\">\n<iframe loading=\"lazy\" title=\"Plan Nacional de Arquitectura Tradicional\" width=\"750\" height=\"422\" src=\"https:\/\/www.youtube.com\/embed\/RzB1InLB8tw?list=PL027B5F67BB66FF7B\" frameborder=\"0\" allow=\"accelerometer; autoplay; clipboard-write; encrypted-media; gyroscope; picture-in-picture\" allowfullscreen><\/iframe>\n<\/div><figcaption>Figura: Plan Nacional de Arquitectura Tradicional [Archivo V\u00eddeo] <br>de Ministerio de Cultura y Deporte (19 de septiembre de 2014).<\/figcaption><\/figure>\n\n\n\n<p class=\"has-text-color\" style=\"color:#181899\"><strong>Puede consultarse los Fondos del Archivo y el Cat\u00e1logo de su Biblioteca as\u00ed como del casi medio mill\u00f3n de im\u00e1genes cuya cronolog\u00eda abarca desde 1844 a la actualidad:<\/strong><\/p>\n\n\n\n<figure class=\"wp-block-image size-full\"><img loading=\"lazy\" decoding=\"async\" width=\"552\" height=\"279\" src=\"https:\/\/artheke.com\/wp-content\/uploads\/2022\/06\/image-11.png\" alt=\"\" class=\"wp-image-1119\" srcset=\"https:\/\/www.artheke.com\/wp-content\/uploads\/2022\/06\/image-11.png 552w, https:\/\/www.artheke.com\/wp-content\/uploads\/2022\/06\/image-11-300x152.png 300w\" sizes=\"auto, (max-width: 552px) 100vw, 552px\" \/><figcaption>Figura: p\u00e1gina inicio fototeca ipce, en catalogos.mecd.es<\/figcaption><\/figure>\n\n\n\n<figure class=\"wp-block-image size-full\"><img loading=\"lazy\" decoding=\"async\" width=\"579\" height=\"411\" src=\"https:\/\/artheke.com\/wp-content\/uploads\/2022\/06\/image-10.png\" alt=\"\" class=\"wp-image-1118\" srcset=\"https:\/\/www.artheke.com\/wp-content\/uploads\/2022\/06\/image-10.png 579w, https:\/\/www.artheke.com\/wp-content\/uploads\/2022\/06\/image-10-300x213.png 300w\" sizes=\"auto, (max-width: 579px) 100vw, 579px\" \/><figcaption>Figura: p\u00e1gina inicio fototeca ipce, en catalogos.mecd.es<\/figcaption><\/figure>\n\n\n\n<p class=\"has-text-color\" style=\"color:#1b1b92\"><strong>Adem\u00e1s de otras informaciones sobre Publicaciones o Filigranas Hisp\u00e1nicas, entre todo lo que se puede encontrar al adentrarse en la p\u00e1gina del Instituto de Patrimonio Cultural de Espa\u00f1a (IPCE), que te conduce a m\u00faltiples enlaces de otros sitios Web.<\/strong><\/p>\n\n\n\n<figure class=\"wp-block-image size-full\"><img loading=\"lazy\" decoding=\"async\" width=\"567\" height=\"542\" src=\"https:\/\/artheke.com\/wp-content\/uploads\/2022\/06\/image-14.png\" alt=\"\" class=\"wp-image-1122\" srcset=\"https:\/\/www.artheke.com\/wp-content\/uploads\/2022\/06\/image-14.png 567w, https:\/\/www.artheke.com\/wp-content\/uploads\/2022\/06\/image-14-300x287.png 300w\" sizes=\"auto, (max-width: 567px) 100vw, 567px\" \/><\/figure>\n\n\n\n<p>En el caso de las<strong> Filigranas, <\/strong>se espara que \u00ab<em>el proyecto sea sumamente \u00fatil, no s\u00f3lo para datar la documentaci\u00f3n recogida en centros espa\u00f1oles, sino tambi\u00e9n para los pertenecientes a la comunidad iberoamericana, debido a que el papel utilizado desde el siglo XVI hasta finales del XVIII es pr\u00e1cticamente el mismo a ambas orillas del Atl\u00e1ntico, en virtud del monopolio establecido por la Corona Espa\u00f1ola para el comercio del papel con sus territorios de ultramar, el impuesto del papel sellado y la prohibici\u00f3n de establecer manufacturas papeleras en toda la Am\u00e9rica Hispana<\/em>\u00bb (cultura.gob.es\/filigranas\/proyecto).<\/p>\n\n\n\n<p>\u00ab<em>La filigrana adem\u00e1s de ser un distintivo del papelero, es un signo de procedencia, informa sobre la calidad del papel y, a veces tambi\u00e9n, sobre el formato. Desde el siglo XVI se extiende el uso de introducir las iniciales o el nombre completo del papelero y, a partir del siglo XVIII, la fecha de su fabricaci\u00f3n. En Espa\u00f1a, en el a\u00f1o 1791 las Ordenanzas de la Junta General de Comercio obligan al fabricante a marcar todos sus papeles, aunque esta normativa no siempre se cumpli\u00f3; generalmente los papeles de calidad inferior no ten\u00edan filigrana\u00bb<\/em> (cultura.gob.es\/filigranas\/proyecto).<\/p>\n\n\n\n<p><em>El objetivo primordial  del Proyecto Filigranas Hisp\u00e1nicas \u00abes el estudio de las filigranas de los papeles utilizados en la comunidad hispana por ser \u00e9ste el elemento identificador y datador m\u00e1s importante que encontramos en la manufactura del papel ya que si cont\u00e1semos con el repertorio de todas las filigranas elaboradas desde su aparici\u00f3n, desde finales del siglo XIII hasta el d\u00eda de hoy, tendr\u00edamos datos fidedignos para identificar y datar, con un peque\u00f1o margen de error, la mayor\u00eda del papel, especialmente los fabricados hasta principios del siglo XX. A partir de esta fecha el uso de la filigrana suele adquirir un valor comercial y se atiene a otras normas de dataci\u00f3n\u00bb <\/em>(cultura.gob.es\/filigranas\/proyecto).<\/p>\n\n\n\n<figure class=\"wp-block-pullquote has-white-background-color has-text-color has-background has-gigantic-font-size\" style=\"color:#379b76\"><blockquote><p><em>En la actualidad, la Subdirecci\u00f3n General de Museos Estatales y el Instituto de Patrimonio Cultural de Espa\u00f1a (IPCE) han colaborado para incluir en el cat\u00e1logo colectivo de la Red de Bibliotecas de Museos el cat\u00e1logo de la Biblioteca del Instituto de Patrimonio Cultural de Espa\u00f1a -IPCE <\/em> <\/p><cite>BIMUS-IPCE<\/cite><\/blockquote><\/figure>\n\n\n\n<p class=\"has-gray-color has-text-color\"><strong>As\u00ed, el CAT\u00c1LOGO COLECTIVO DE LA RED DE BIBLIOTECAS Y MUSEOS <em>permite que desde un \u00fanico caj\u00f3n se pueda consultar los cat\u00e1logos de<\/em>:<\/strong><\/p>\n\n\n\n<ul class=\"has-text-color wp-block-list\" style=\"color:#2185a9\"><li><strong><em>la Red de Bibliotecas de Museos Estatales, <\/em><\/strong><\/li><li><strong><em>la biblioteca del Museo del Prado, <\/em><\/strong><\/li><li><strong><em>la biblioteca del Museo Reina Sof\u00eda<\/em><\/strong><\/li><li><strong><em>la biblioteca del Instituto de Patrimonio Cultural de Espa\u00f1a<\/em><\/strong> <\/li><\/ul>\n\n\n\n<figure class=\"wp-block-image size-full\"><img loading=\"lazy\" decoding=\"async\" width=\"864\" height=\"198\" src=\"https:\/\/artheke.com\/wp-content\/uploads\/2022\/06\/image-15.png\" alt=\"\" class=\"wp-image-1123\" srcset=\"https:\/\/www.artheke.com\/wp-content\/uploads\/2022\/06\/image-15.png 864w, https:\/\/www.artheke.com\/wp-content\/uploads\/2022\/06\/image-15-300x69.png 300w, https:\/\/www.artheke.com\/wp-content\/uploads\/2022\/06\/image-15-768x176.png 768w\" sizes=\"auto, (max-width: 864px) 100vw, 864px\" \/><figcaption>Figura: imagen insertada en el cat\u00e1logo BIMUS-IPCE<\/figcaption><\/figure>\n\n\n\n<div class=\"wp-block-buttons is-content-justification-center is-layout-flex wp-container-core-buttons-is-layout-16018d1d wp-block-buttons-is-layout-flex\">\n<div class=\"wp-block-button has-custom-font-size has-huge-font-size\"><a class=\"wp-block-button__link has-white-background-color has-text-color has-background\" href=\"https:\/\/www.culturaydeporte.gob.es\/cultura\/museos\/destacados\/2021\/catalogo-conjunto-bimus-ipce.html\" style=\"color:#c92525\" target=\"_blank\" rel=\"noreferrer noopener\">CAT\u00c1LOGO BIMUS-IPCE<\/a><\/div>\n<\/div>\n\n\n\n<figure class=\"wp-block-image size-full\"><img loading=\"lazy\" decoding=\"async\" width=\"562\" height=\"416\" src=\"https:\/\/artheke.com\/wp-content\/uploads\/2022\/06\/image-16.png\" alt=\"\" class=\"wp-image-1129\" srcset=\"https:\/\/www.artheke.com\/wp-content\/uploads\/2022\/06\/image-16.png 562w, https:\/\/www.artheke.com\/wp-content\/uploads\/2022\/06\/image-16-300x222.png 300w\" sizes=\"auto, (max-width: 562px) 100vw, 562px\" \/><figcaption>Figura: p\u00e1gina del cat\u00e1logo BIMUS-IPCE<\/figcaption><\/figure>\n\n\n\n<p><\/p>\n\n\n\n<p class=\"has-text-color\" style=\"color:#279033\">Entre las<strong> funciones<\/strong> del Instituto de Patrimonio Cultural de Espa\u00f1a (IPCE) est\u00e1n:<\/p>\n\n\n\n<p><strong>la conservaci\u00f3n y restauraci\u00f3n del legado patrimonial<\/strong> (ejecutan numerosos proyectos de intervenci\u00f3n de bienes culturales muebles e inmuebles, en el marco competencial establecido por la Constituci\u00f3n para la Administraci\u00f3n General del Estado y en continua colaboraci\u00f3n con los titulares de los bienes y las administraciones p\u00fablicas garantes de la preservaci\u00f3n del Patrimonio Cultural); <strong>investigaci\u00f3n en diferentes \u00e1reas<\/strong> (Ciencias aplicadas a la conservaci\u00f3n del Patrimonio, Restauraci\u00f3n, Arqueolog\u00eda, Historia del arte, Etnolog\u00eda, Documentaci\u00f3n, etc.); <strong>documentaci\u00f3n<\/strong> (de los fondos documentales y bibliogr\u00e1ficos del IPCE, gestionados por el Servicio de Documentaci\u00f3n que se encuentran custodiados en el Archivo, la Biblioteca y la Fototeca, con la finalidad de contribuir al desarrollo del conocimiento sobre nuevos criterios, t\u00e9cnicas y experiencias en el campo de la conservaci\u00f3n del Patrimonio Cultural); <strong>formaci\u00f3n<\/strong> (de t\u00e9cnicos y especialistas en conservaci\u00f3n y restauraci\u00f3n de los bienes inmuebles y muebles integrantes de dicho patrimonio, desarrollada en el instituto por una doble v\u00eda: la realizaci\u00f3n de diversas actividades formativas que permitan crear un foro de intercambio de conocimientos y debate en torno a los temas m\u00e1s actuales en materia de Patrimonio Cultural, &nbsp;y a trav\u00e9s de programas de becas y estancias individualizadas para estudiantes de grado, postgrado y reci\u00e9n titulados); y <strong>difusi\u00f3n<\/strong> (la principal funci\u00f3n es acercar a la sociedad la actividad que se lleva a cabo en el IPCE y darla a conocer, entre otras actividades se encuentra el dise\u00f1o y ejecuci\u00f3n de un plan anual de publicaciones y en el desarrollo de un plan de comunicaci\u00f3n en el entorno online (perfiles de Facebook, Twitter e Instagram adem\u00e1s del canal del Instituto en Youtube):<\/p>\n\n\n\n<figure class=\"wp-block-image size-large is-style-default\"><img loading=\"lazy\" decoding=\"async\" width=\"825\" height=\"1024\" src=\"https:\/\/artheke.com\/wp-content\/uploads\/2022\/07\/image-1-825x1024.png\" alt=\"\" class=\"wp-image-1264\" srcset=\"https:\/\/www.artheke.com\/wp-content\/uploads\/2022\/07\/image-1-825x1024.png 825w, https:\/\/www.artheke.com\/wp-content\/uploads\/2022\/07\/image-1-242x300.png 242w, https:\/\/www.artheke.com\/wp-content\/uploads\/2022\/07\/image-1-768x954.png 768w, https:\/\/www.artheke.com\/wp-content\/uploads\/2022\/07\/image-1.png 861w\" sizes=\"auto, (max-width: 825px) 100vw, 825px\" \/><figcaption>Figura: Informaci\u00f3n del Plan de Comunicaci\u00f3n en el entorno online del IPCE.<\/figcaption><\/figure>\n\n\n\n<figure class=\"wp-block-image size-large\"><img loading=\"lazy\" decoding=\"async\" width=\"946\" height=\"1024\" src=\"https:\/\/artheke.com\/wp-content\/uploads\/2022\/07\/image-6-946x1024.png\" alt=\"\" class=\"wp-image-1269\" srcset=\"https:\/\/www.artheke.com\/wp-content\/uploads\/2022\/07\/image-6-946x1024.png 946w, https:\/\/www.artheke.com\/wp-content\/uploads\/2022\/07\/image-6-277x300.png 277w, https:\/\/www.artheke.com\/wp-content\/uploads\/2022\/07\/image-6-768x831.png 768w, https:\/\/www.artheke.com\/wp-content\/uploads\/2022\/07\/image-6.png 970w\" sizes=\"auto, (max-width: 946px) 100vw, 946px\" \/><figcaption>Figura: actividad formativa del ipce en ipce.culturaydeporte.gob.es<\/figcaption><\/figure>\n\n\n\n<div data-wp-interactive=\"core\/file\" class=\"wp-block-file\"><object data-wp-bind--hidden=\"!state.hasPdfPreview\" hidden class=\"wp-block-file__embed\" data=\"https:\/\/artheke.com\/wp-content\/uploads\/2022\/07\/programa-campanas-sonoras-v3.pdf\" type=\"application\/pdf\" style=\"width:100%;height:600px\" aria-label=\"Incrustado de Incrustado de programa-campanas-sonoras-v3..\"><\/object><a id=\"wp-block-file--media-5e29e903-c214-46f0-80e6-8221fe211e03\" href=\"https:\/\/artheke.com\/wp-content\/uploads\/2022\/07\/programa-campanas-sonoras-v3.pdf\">programa-campanas-sonoras-v3<\/a><a href=\"https:\/\/artheke.com\/wp-content\/uploads\/2022\/07\/programa-campanas-sonoras-v3.pdf\" class=\"wp-block-file__button\" download aria-describedby=\"wp-block-file--media-5e29e903-c214-46f0-80e6-8221fe211e03\">Descarga<\/a><\/div>\n\n\n\n<p class=\"has-text-color\" style=\"color:#1b1ba1\"><strong>En el IPCE pueden verse v\u00eddeos de las actividades formativas realizadas y que se han grabado a lo largo de los a\u00f1os:<\/strong><\/p>\n\n\n\n<figure class=\"wp-block-image size-full\"><img loading=\"lazy\" decoding=\"async\" width=\"598\" height=\"430\" src=\"https:\/\/artheke.com\/wp-content\/uploads\/2022\/06\/image-8.png\" alt=\"\" class=\"wp-image-1116\" srcset=\"https:\/\/www.artheke.com\/wp-content\/uploads\/2022\/06\/image-8.png 598w, https:\/\/www.artheke.com\/wp-content\/uploads\/2022\/06\/image-8-300x216.png 300w\" sizes=\"auto, (max-width: 598px) 100vw, 598px\" \/><figcaption>Figura: p\u00e1gina de los v\u00eddeos de cursos de formaci\u00f3n, en ipce.culturaydeporte.gob.es<\/figcaption><\/figure>\n\n\n\n<figure class=\"wp-block-image size-full\"><img loading=\"lazy\" decoding=\"async\" width=\"894\" height=\"524\" src=\"https:\/\/artheke.com\/wp-content\/uploads\/2022\/07\/image-7.png\" alt=\"\" class=\"wp-image-1275\" srcset=\"https:\/\/www.artheke.com\/wp-content\/uploads\/2022\/07\/image-7.png 894w, https:\/\/www.artheke.com\/wp-content\/uploads\/2022\/07\/image-7-300x176.png 300w, https:\/\/www.artheke.com\/wp-content\/uploads\/2022\/07\/image-7-768x450.png 768w\" sizes=\"auto, (max-width: 894px) 100vw, 894px\" \/><figcaption>Figura: imagen de la grabaci\u00f3n difundida por youtube del webinar del IPCE,<br> \u00abPatrimonio Cultural en la Espa\u00f1a vaciada\u00bb.<\/figcaption><\/figure>\n\n\n\n<div class=\"wp-block-buttons is-content-justification-center is-layout-flex wp-container-core-buttons-is-layout-16018d1d wp-block-buttons-is-layout-flex\">\n<div class=\"wp-block-button has-custom-width wp-block-button__width-100 has-custom-font-size has-huge-font-size\"><a class=\"wp-block-button__link has-dark-gray-color has-white-background-color has-text-color has-background\" href=\"https:\/\/www.youtube.com\/c\/institutodelpatrimonioculturaldeespana\" target=\"_blank\" rel=\"noreferrer noopener\">Canal de Youtube del IPCE<\/a><\/div>\n<\/div>\n\n\n\n<p class=\"has-text-color\" style=\"color:#1a1a9c\"><strong>Tambi\u00e9n se puede acceder a la Hemeroteca en l\u00ednea de la Secretar\u00eda de Estado de Cultura as\u00ed como a la bibliograf\u00eda espec\u00edfica de cada Plan Nacional<\/strong>:<\/p>\n\n\n\n<div data-wp-interactive=\"core\/file\" class=\"wp-block-file\"><object data-wp-bind--hidden=\"!state.hasPdfPreview\" hidden class=\"wp-block-file__embed\" data=\"https:\/\/artheke.com\/wp-content\/uploads\/2022\/07\/El-Catalogo-Monumental-de-Espana_07_03_12_BAJA.pdf\" type=\"application\/pdf\" style=\"width:100%;height:600px\" aria-label=\"Incrustado de Incrustado de El-Catalogo-Monumental-de-Espana_07_03_12_BAJA..\"><\/object><a id=\"wp-block-file--media-02174078-a946-4470-b4ce-77a5ccde1312\" href=\"https:\/\/artheke.com\/wp-content\/uploads\/2022\/07\/El-Catalogo-Monumental-de-Espana_07_03_12_BAJA.pdf\">El-Catalogo-Monumental-de-Espana_07_03_12_BAJA<\/a><a href=\"https:\/\/artheke.com\/wp-content\/uploads\/2022\/07\/El-Catalogo-Monumental-de-Espana_07_03_12_BAJA.pdf\" class=\"wp-block-file__button\" download aria-describedby=\"wp-block-file--media-02174078-a946-4470-b4ce-77a5ccde1312\">Descarga<\/a><\/div>\n\n\n\n<div class=\"wp-block-buttons is-layout-flex wp-block-buttons-is-layout-flex\">\n<div class=\"wp-block-button has-custom-font-size has-extra-small-font-size\"><a class=\"wp-block-button__link has-gray-color has-white-background-color has-text-color has-background\" href=\"https:\/\/www.culturaydeporte.gob.es\/planes-nacionales\/bibliografia-y-documentacion\/hemeroteca.html\" target=\"_blank\" rel=\"noreferrer noopener\"><strong>HEMEROTECA EN L\u00cdNEA DE LA SECRETARIA DE ESTADO DE CULTURA<\/strong><\/a><\/div>\n<\/div>\n\n\n\n<p><strong>Referencias:<\/strong><\/p>\n\n\n\n<p>Ministerio de Cultura y Deporte. <a href=\"https:\/\/www.culturaydeporte.gob.es\/cultura.html\" data-type=\"URL\" data-id=\"https:\/\/www.culturaydeporte.gob.es\/cultura.html\" target=\"_blank\" rel=\"noreferrer noopener\">https:\/\/www.culturaydeporte.gob.es\/cultura.html<\/a><\/p>\n\n\n\n<p>________________________________________________________________<\/p>\n\n\n\n<div class=\"wp-block-group has-extra-small-font-size is-vertical is-layout-flex wp-container-core-group-is-layout-8cf370e7 wp-block-group-is-layout-flex\">\n<p>Publicada el\u00a021 de junio de 2022, actualizado 8 de julio de 2022<\/p>\n\n\n\n<p>Por\u00a0<a href=\"https:\/\/artheke.com\/?author=1\">Cebri\u00e1n Gonz\u00e1lez Mar\u00eda Teresa<\/a><\/p>\n<\/div>\n\n\n\n<p><\/p>\n","protected":false},"excerpt":{"rendered":"<p>\u00abEs una Subdirecci\u00f3n General adscrita a la Direcci\u00f3n General de Patrimonio Cultural y Bellas Artes del Ministerio de Cultura y Deporte. Su cometido es la investigaci\u00f3n, conservaci\u00f3n y restauraci\u00f3n de los bienes que conforman el Patrimonio Cultural. Se trata de una compleja labor que el IPCE aborda desde una perspectiva multidisciplinar, a trav\u00e9s de su&hellip; <a class=\"more-link\" href=\"https:\/\/www.artheke.com\/?page_id=1109\">Seguir leyendo <span class=\"screen-reader-text\">IPEC Instituto del Patrimonio Cultural de Espa\u00f1a<\/span><\/a><\/p>\n","protected":false},"author":1,"featured_media":0,"parent":0,"menu_order":0,"comment_status":"closed","ping_status":"closed","template":"","meta":{"footnotes":""},"class_list":["post-1109","page","type-page","status-publish","hentry","entry"],"_links":{"self":[{"href":"https:\/\/www.artheke.com\/index.php?rest_route=\/wp\/v2\/pages\/1109","targetHints":{"allow":["GET"]}}],"collection":[{"href":"https:\/\/www.artheke.com\/index.php?rest_route=\/wp\/v2\/pages"}],"about":[{"href":"https:\/\/www.artheke.com\/index.php?rest_route=\/wp\/v2\/types\/page"}],"author":[{"embeddable":true,"href":"https:\/\/www.artheke.com\/index.php?rest_route=\/wp\/v2\/users\/1"}],"replies":[{"embeddable":true,"href":"https:\/\/www.artheke.com\/index.php?rest_route=%2Fwp%2Fv2%2Fcomments&post=1109"}],"version-history":[{"count":27,"href":"https:\/\/www.artheke.com\/index.php?rest_route=\/wp\/v2\/pages\/1109\/revisions"}],"predecessor-version":[{"id":1315,"href":"https:\/\/www.artheke.com\/index.php?rest_route=\/wp\/v2\/pages\/1109\/revisions\/1315"}],"wp:attachment":[{"href":"https:\/\/www.artheke.com\/index.php?rest_route=%2Fwp%2Fv2%2Fmedia&parent=1109"}],"curies":[{"name":"wp","href":"https:\/\/api.w.org\/{rel}","templated":true}]}}